{"id":11998,"date":"2021-05-09T23:56:25","date_gmt":"2021-05-09T23:56:25","guid":{"rendered":"https:\/\/www.educacionycrianza.com\/plat\/?page_id=11998"},"modified":"2021-05-09T23:59:02","modified_gmt":"2021-05-09T23:59:02","slug":"participaciones","status":"publish","type":"page","link":"https:\/\/www.educacionycrianza.com\/plat\/index.php\/participaciones\/","title":{"rendered":"Participaciones"},"content":{"rendered":"<p><strong>Congreso de Crianza y Educaci\u00f3n Humanizada.<img loading=\"lazy\" decoding=\"async\" class=\"alignright size-medium wp-image-11995\" src=\"https:\/\/www.educacionycrianza.com\/plat\/wp-content\/uploads\/2021\/05\/d8752e70-253c-487d-9979-7849eeab438b-300x300.jpg\" alt=\"\" width=\"300\" height=\"300\" srcset=\"https:\/\/www.educacionycrianza.com\/plat\/wp-content\/uploads\/2021\/05\/d8752e70-253c-487d-9979-7849eeab438b-300x300.jpg 300w, https:\/\/www.educacionycrianza.com\/plat\/wp-content\/uploads\/2021\/05\/d8752e70-253c-487d-9979-7849eeab438b-1024x1024.jpg 1024w, https:\/\/www.educacionycrianza.com\/plat\/wp-content\/uploads\/2021\/05\/d8752e70-253c-487d-9979-7849eeab438b-150x150.jpg 150w, https:\/\/www.educacionycrianza.com\/plat\/wp-content\/uploads\/2021\/05\/d8752e70-253c-487d-9979-7849eeab438b-768x768.jpg 768w, https:\/\/www.educacionycrianza.com\/plat\/wp-content\/uploads\/2021\/05\/d8752e70-253c-487d-9979-7849eeab438b.jpg 1080w\" sizes=\"auto, (max-width: 300px) 100vw, 300px\" \/><\/strong><br \/>\nEn junio se desarrollar\u00e1 el Congreso de Crianza y Educaci\u00f3n Humanizada.<br \/>\nEstar\u00e9 presente en una exposici\u00f3n sobre \u00abEducaci\u00f3n hol\u00edstica y crianza respetuosa. Aportes de la Psicopedagog\u00eda\u00bb<\/p>\n<p>Pueden seguir las novedades y el desarrollo del Congreso por Facebook (Congreso Crianza y Educaci\u00f3n Humanizada) e Instagram (@crianzayeducacionhumanizada)<\/p>\n<p>Inscribite en https:\/\/forms.gle\/MpYg5RWSPaUwyVtd9<br \/>\nEl Congreso es totalmente gratuito.<\/p>\n<p>Los espero!!<\/p>\n<p>Alejandra Sandoval<br \/>\nLic. Prof. en Psicopedagog\u00eda<\/p>\n<p>www.educacionycrianza.com<br \/>\nwww.areapsicopedagogica.com.ar<\/p>\n","protected":false},"excerpt":{"rendered":"<p>Congreso de Crianza y Educaci\u00f3n Humanizada. En junio se desarrollar\u00e1 el Congreso de Crianza y Educaci\u00f3n Humanizada. Estar\u00e9 presente en una exposici\u00f3n sobre \u00abEducaci\u00f3n hol\u00edstica y crianza respetuosa. Aportes de la Psicopedagog\u00eda\u00bb Pueden seguir las novedades y el desarrollo del Congreso por Facebook (Congreso Crianza y Educaci\u00f3n Humanizada) e Instagram (@crianzayeducacionhumanizada) Inscribite en https:\/\/forms.gle\/MpYg5RWSPaUwyVtd9 El [&hellip;]<\/p>\n","protected":false},"author":1,"featured_media":0,"parent":0,"menu_order":0,"comment_status":"closed","ping_status":"closed","template":"","meta":{"_joinchat":[],"footnotes":""},"class_list":["post-11998","page","type-page","status-publish","hentry","post"],"_links":{"self":[{"href":"https:\/\/www.educacionycrianza.com\/plat\/index.php\/wp-json\/wp\/v2\/pages\/11998","targetHints":{"allow":["GET"]}}],"collection":[{"href":"https:\/\/www.educacionycrianza.com\/plat\/index.php\/wp-json\/wp\/v2\/pages"}],"about":[{"href":"https:\/\/www.educacionycrianza.com\/plat\/index.php\/wp-json\/wp\/v2\/types\/page"}],"author":[{"embeddable":true,"href":"https:\/\/www.educacionycrianza.com\/plat\/index.php\/wp-json\/wp\/v2\/users\/1"}],"replies":[{"embeddable":true,"href":"https:\/\/www.educacionycrianza.com\/plat\/index.php\/wp-json\/wp\/v2\/comments?post=11998"}],"version-history":[{"count":1,"href":"https:\/\/www.educacionycrianza.com\/plat\/index.php\/wp-json\/wp\/v2\/pages\/11998\/revisions"}],"predecessor-version":[{"id":11999,"href":"https:\/\/www.educacionycrianza.com\/plat\/index.php\/wp-json\/wp\/v2\/pages\/11998\/revisions\/11999"}],"wp:attachment":[{"href":"https:\/\/www.educacionycrianza.com\/plat\/index.php\/wp-json\/wp\/v2\/media?parent=11998"}],"curies":[{"name":"wp","href":"https:\/\/api.w.org\/{rel}","templated":true}]}}